{"id":7146,"date":"2025-01-24T09:17:35","date_gmt":"2025-01-24T08:17:35","guid":{"rendered":"https:\/\/savi.es\/services\/cuisines\/cuisines-avec-bar-a-petit-dejeuner\/"},"modified":"2025-01-24T11:44:56","modified_gmt":"2025-01-24T10:44:56","slug":"cuisines-avec-bar-a-petit-dejeuner","status":"publish","type":"page","link":"https:\/\/savi.es\/fr\/services\/cuisines\/cuisines-avec-bar-a-petit-dejeuner\/","title":{"rendered":"Cuisines avec bar \u00e0 petit-d\u00e9jeuner"},"content":{"rendered":"\t\t<div data-elementor-type=\"wp-page\" data-elementor-id=\"7146\" class=\"elementor elementor-7146 elementor-7068\" data-elementor-post-type=\"page\">\n\t\t\t\t\t\t<section class=\"elementor-section elementor-top-section elementor-element elementor-element-9cd041f elementor-section-height-min-height elementor-section-items-stretch elementor-section-content-bottom elementor-section-boxed elementor-section-height-default\" data-id=\"9cd041f\" data-element_type=\"section\" data-e-type=\"section\" data-settings=\"{&quot;background_background&quot;:&quot;classic&quot;}\">\n\t\t\t\t\t\t<div class=\"elementor-container elementor-column-gap-default\">\n\t\t\t\t\t<div class=\"elementor-column elementor-col-100 elementor-top-column elementor-element elementor-element-26e7a3e\" data-id=\"26e7a3e\" data-element_type=\"column\" data-e-type=\"column\">\n\t\t\t<div class=\"elementor-widget-wrap\">\n\t\t\t\t\t\t\t<\/div>\n\t\t<\/div>\n\t\t\t\t\t<\/div>\n\t\t<\/section>\n\t\t\t\t<section class=\"elementor-section elementor-top-section elementor-element elementor-element-25a4006 elementor-section-boxed elementor-section-height-default elementor-section-height-default\" data-id=\"25a4006\" data-element_type=\"section\" data-e-type=\"section\">\n\t\t\t\t\t\t<div class=\"elementor-container elementor-column-gap-default\">\n\t\t\t\t\t<div class=\"elementor-column elementor-col-100 elementor-top-column elementor-element elementor-element-845bc13\" data-id=\"845bc13\" data-element_type=\"column\" data-e-type=\"column\">\n\t\t\t<div class=\"elementor-widget-wrap elementor-element-populated\">\n\t\t\t\t\t\t<div class=\"elementor-element elementor-element-2e3a491 elementor-icon-list--layout-inline animated-fast elementor-list-item-link-full_width elementor-invisible elementor-widget elementor-widget-icon-list\" data-id=\"2e3a491\" data-element_type=\"widget\" data-e-type=\"widget\" data-settings=\"{&quot;_animation&quot;:&quot;fadeInUp&quot;}\" data-widget_type=\"icon-list.default\">\n\t\t\t\t<div class=\"elementor-widget-container\">\n\t\t\t\t\t\t\t<ul class=\"elementor-icon-list-items elementor-inline-items\">\n\t\t\t\t\t\t\t<li class=\"elementor-icon-list-item elementor-inline-item\">\n\t\t\t\t\t\t\t\t\t\t\t<a href=\"https:\/\/savi.es\/fr\/\">\n\n\t\t\t\t\t\t\t\t\t\t\t<span class=\"elementor-icon-list-text\">Accueil<\/span>\n\t\t\t\t\t\t\t\t\t\t\t<\/a>\n\t\t\t\t\t\t\t\t\t<\/li>\n\t\t\t\t\t\t\t\t<li class=\"elementor-icon-list-item elementor-inline-item\">\n\t\t\t\t\t\t\t\t\t\t<span class=\"elementor-icon-list-text\">\/<\/span>\n\t\t\t\t\t\t\t\t\t<\/li>\n\t\t\t\t\t\t\t\t<li class=\"elementor-icon-list-item elementor-inline-item\">\n\t\t\t\t\t\t\t\t\t\t<span class=\"elementor-icon-list-text\">Services<\/span>\n\t\t\t\t\t\t\t\t\t<\/li>\n\t\t\t\t\t\t\t\t<li class=\"elementor-icon-list-item elementor-inline-item\">\n\t\t\t\t\t\t\t\t\t\t<span class=\"elementor-icon-list-text\">\/<\/span>\n\t\t\t\t\t\t\t\t\t<\/li>\n\t\t\t\t\t\t\t\t<li class=\"elementor-icon-list-item elementor-inline-item\">\n\t\t\t\t\t\t\t\t\t\t\t<a href=\"https:\/\/savi.es\/fr\/services\/eviers\/\">\n\n\t\t\t\t\t\t\t\t\t\t\t<span class=\"elementor-icon-list-text\">\u00c9viers<\/span>\n\t\t\t\t\t\t\t\t\t\t\t<\/a>\n\t\t\t\t\t\t\t\t\t<\/li>\n\t\t\t\t\t\t\t\t<li class=\"elementor-icon-list-item elementor-inline-item\">\n\t\t\t\t\t\t\t\t\t\t<span class=\"elementor-icon-list-text\">\/<\/span>\n\t\t\t\t\t\t\t\t\t<\/li>\n\t\t\t\t\t\t\t\t<li class=\"elementor-icon-list-item elementor-inline-item\">\n\t\t\t\t\t\t\t\t\t\t<span class=\"elementor-icon-list-text\"><\/span>\n\t\t\t\t\t\t\t\t\t<\/li>\n\t\t\t\t\t\t<\/ul>\n\t\t\t\t\t\t<\/div>\n\t\t\t\t<\/div>\n\t\t\t\t\t<\/div>\n\t\t<\/div>\n\t\t\t\t\t<\/div>\n\t\t<\/section>\n\t\t\t\t<section class=\"elementor-section elementor-top-section elementor-element elementor-element-e814c5e elementor-section-boxed elementor-section-height-default elementor-section-height-default\" data-id=\"e814c5e\" data-element_type=\"section\" data-e-type=\"section\">\n\t\t\t\t\t\t<div class=\"elementor-container elementor-column-gap-default\">\n\t\t\t\t\t<div class=\"elementor-column elementor-col-100 elementor-top-column elementor-element elementor-element-a8d3cad\" data-id=\"a8d3cad\" data-element_type=\"column\" data-e-type=\"column\">\n\t\t\t<div class=\"elementor-widget-wrap elementor-element-populated\">\n\t\t\t\t\t\t<div class=\"elementor-element elementor-element-e48abd4 animated-fast elementor-invisible elementor-widget elementor-widget-heading\" data-id=\"e48abd4\" data-element_type=\"widget\" data-e-type=\"widget\" data-settings=\"{&quot;_animation&quot;:&quot;fadeInUp&quot;}\" data-widget_type=\"heading.default\">\n\t\t\t\t<div class=\"elementor-widget-container\">\n\t\t\t\t\t<h1 class=\"elementor-heading-title elementor-size-default\">Cuisines avec bar \u00e0 petit-d\u00e9jeuner<\/h1>\t\t\t\t<\/div>\n\t\t\t\t<\/div>\n\t\t\t\t<div class=\"elementor-element elementor-element-2fa146c elementor-widget__width-initial animated-fast elementor-invisible elementor-widget elementor-widget-text-editor\" data-id=\"2fa146c\" data-element_type=\"widget\" data-e-type=\"widget\" data-settings=\"{&quot;_animation&quot;:&quot;fadeInUp&quot;}\" data-widget_type=\"text-editor.default\">\n\t\t\t\t<div class=\"elementor-widget-container\">\n\t\t\t\t\t\t\t\t\t<p>Chez Savi Benissa &amp; Calpe, nous cr\u00e9ons des <strong>cuisines ouvertes<\/strong> con\u00e7ues pour fusionner l&rsquo;esth\u00e9tique et l&rsquo;utilit\u00e9, transformant votre cuisine en un espace confortable, moderne et polyvalent. Ce type de conception est id\u00e9al pour ceux qui souhaitent optimiser leur maison, en int\u00e9grant les zones de pr\u00e9paration et de convivialit\u00e9 en un seul endroit. <\/p>\n<p>Les <b>bars am\u00e9ricains<\/b> offrent non seulement un style contemporain, mais aussi de multiples fonctionnalit\u00e9s : ils peuvent servir de plan de travail, de salle \u00e0 manger informelle ou m\u00eame de s\u00e9paration visuelle dans les espaces ouverts. De plus, ils peuvent \u00eatre personnalis\u00e9s avec une grande vari\u00e9t\u00e9 de mat\u00e9riaux et de finitions pour s&rsquo;adapter parfaitement au design de votre maison. <\/p>\n<p>Nous comprenons qu&rsquo;une <b>cuisine ouverte<\/b> n&rsquo;est pas seulement un endroit o\u00f9 l&rsquo;on cuisine, mais aussi un espace o\u00f9 l&rsquo;on partage des moments uniques. C&rsquo;est pourquoi, chez <b>Savi Benissa &amp; Calpe<\/b>, nous vous proposons des conceptions personnalis\u00e9es qui allient innovation et praticit\u00e9, afin que votre cuisine soit \u00e0 la fois fonctionnelle et esth\u00e9tique. <\/p>\n<p>Que vous souhaitiez un bar multifonctionnel ou un design qui tire le meilleur parti de votre espace, chez Savi Benissa &amp; Calpe, nous sommes pr\u00eats \u00e0 transformer vos id\u00e9es en r\u00e9alit\u00e9.<\/p>\n<p>Transformez votre maison avec nos <strong>cuisines bar am\u00e9ricaines<\/strong> et profitez d&rsquo;une ambiance moderne, pratique et \u00e9l\u00e9gante.<\/p>\n\t\t\t\t\t\t\t\t<\/div>\n\t\t\t\t<\/div>\n\t\t\t\t\t<\/div>\n\t\t<\/div>\n\t\t\t\t\t<\/div>\n\t\t<\/section>\n\t\t\t\t<section class=\"elementor-section elementor-top-section elementor-element elementor-element-39d550a elementor-section-boxed elementor-section-height-default elementor-section-height-default\" data-id=\"39d550a\" data-element_type=\"section\" data-e-type=\"section\">\n\t\t\t\t\t\t<div class=\"elementor-container elementor-column-gap-default\">\n\t\t\t\t\t<div class=\"elementor-column elementor-col-50 elementor-top-column elementor-element elementor-element-51f19cd\" data-id=\"51f19cd\" data-element_type=\"column\" data-e-type=\"column\">\n\t\t\t<div class=\"elementor-widget-wrap elementor-element-populated\">\n\t\t\t\t\t\t<div class=\"elementor-element elementor-element-25e6329 animated-fast elementor-invisible elementor-widget elementor-widget-image\" data-id=\"25e6329\" data-element_type=\"widget\" data-e-type=\"widget\" data-settings=\"{&quot;_animation&quot;:&quot;fadeInLeft&quot;}\" data-widget_type=\"image.default\">\n\t\t\t\t<div class=\"elementor-widget-container\">\n\t\t\t\t\t\t\t\t\t\t\t\t\t\t\t<img fetchpriority=\"high\" decoding=\"async\" width=\"800\" height=\"496\" src=\"https:\/\/savi.es\/wp-content\/uploads\/2025\/01\/cocina-con-barra-americana.jpg\" class=\"attachment-full size-full wp-image-7074\" alt=\"cocina con barra americana\" srcset=\"https:\/\/savi.es\/wp-content\/uploads\/2025\/01\/cocina-con-barra-americana.jpg 800w, https:\/\/savi.es\/wp-content\/uploads\/2025\/01\/cocina-con-barra-americana-300x186.jpg 300w, https:\/\/savi.es\/wp-content\/uploads\/2025\/01\/cocina-con-barra-americana-768x476.jpg 768w\" sizes=\"(max-width: 800px) 100vw, 800px\" \/>\t\t\t\t\t\t\t\t\t\t\t\t\t\t\t<\/div>\n\t\t\t\t<\/div>\n\t\t\t\t\t<\/div>\n\t\t<\/div>\n\t\t\t\t<div class=\"elementor-column elementor-col-50 elementor-top-column elementor-element elementor-element-1c6e574\" data-id=\"1c6e574\" data-element_type=\"column\" data-e-type=\"column\">\n\t\t\t<div class=\"elementor-widget-wrap elementor-element-populated\">\n\t\t\t\t\t\t<div class=\"elementor-element elementor-element-90373e2 animated-fast elementor-invisible elementor-widget elementor-widget-image\" data-id=\"90373e2\" data-element_type=\"widget\" data-e-type=\"widget\" data-settings=\"{&quot;_animation&quot;:&quot;fadeInRight&quot;}\" data-widget_type=\"image.default\">\n\t\t\t\t<div class=\"elementor-widget-container\">\n\t\t\t\t\t\t\t\t\t\t\t\t\t\t\t\t<a href=\"https:\/\/savi.es\/fr\/services\/cuisines-design-italiennes-arrital\/\">\n\t\t\t\t\t\t\t<img decoding=\"async\" width=\"800\" height=\"496\" src=\"https:\/\/savi.es\/wp-content\/uploads\/2022\/10\/cocina-italiana-U.jpg\" class=\"attachment-full size-full wp-image-3533\" alt=\"\" srcset=\"https:\/\/savi.es\/wp-content\/uploads\/2022\/10\/cocina-italiana-U.jpg 800w, https:\/\/savi.es\/wp-content\/uploads\/2022\/10\/cocina-italiana-U-300x186.jpg 300w, https:\/\/savi.es\/wp-content\/uploads\/2022\/10\/cocina-italiana-U-768x476.jpg 768w\" sizes=\"(max-width: 800px) 100vw, 800px\" \/>\t\t\t\t\t\t\t\t<\/a>\n\t\t\t\t\t\t\t\t\t\t\t\t\t\t\t<\/div>\n\t\t\t\t<\/div>\n\t\t\t\t\t<\/div>\n\t\t<\/div>\n\t\t\t\t\t<\/div>\n\t\t<\/section>\n\t\t\t\t<section class=\"elementor-section elementor-top-section elementor-element elementor-element-d275067 elementor-section-boxed elementor-section-height-default elementor-section-height-default\" data-id=\"d275067\" data-element_type=\"section\" data-e-type=\"section\">\n\t\t\t\t\t\t<div class=\"elementor-container elementor-column-gap-default\">\n\t\t\t\t\t<div class=\"elementor-column elementor-col-50 elementor-top-column elementor-element elementor-element-f9bac05\" data-id=\"f9bac05\" data-element_type=\"column\" data-e-type=\"column\">\n\t\t\t<div class=\"elementor-widget-wrap elementor-element-populated\">\n\t\t\t\t\t\t<div class=\"elementor-element elementor-element-b2d9853 elementor-widget__width-initial animated-fast elementor-invisible elementor-widget elementor-widget-heading\" data-id=\"b2d9853\" data-element_type=\"widget\" data-e-type=\"widget\" data-settings=\"{&quot;_animation&quot;:&quot;fadeInUp&quot;}\" data-widget_type=\"heading.default\">\n\t\t\t\t<div class=\"elementor-widget-container\">\n\t\t\t\t\t<h2 class=\"elementor-heading-title elementor-size-default\">Cuisines avec bar \u00e0 petit-d\u00e9jeuner : polyvalence et design pour votre maison<\/h2>\t\t\t\t<\/div>\n\t\t\t\t<\/div>\n\t\t\t\t<div class=\"elementor-element elementor-element-4693ba1 elementor-widget-divider--view-line elementor-widget elementor-widget-divider\" data-id=\"4693ba1\" data-element_type=\"widget\" data-e-type=\"widget\" data-widget_type=\"divider.default\">\n\t\t\t\t<div class=\"elementor-widget-container\">\n\t\t\t\t\t\t\t<div class=\"elementor-divider\">\n\t\t\t<span class=\"elementor-divider-separator\">\n\t\t\t\t\t\t<\/span>\n\t\t<\/div>\n\t\t\t\t\t\t<\/div>\n\t\t\t\t<\/div>\n\t\t\t\t\t<\/div>\n\t\t<\/div>\n\t\t\t\t<div class=\"elementor-column elementor-col-50 elementor-top-column elementor-element elementor-element-66f2792\" data-id=\"66f2792\" data-element_type=\"column\" data-e-type=\"column\">\n\t\t\t<div class=\"elementor-widget-wrap elementor-element-populated\">\n\t\t\t\t\t\t<div class=\"elementor-element elementor-element-b47d3f5 elementor-widget-divider--view-line elementor-widget elementor-widget-divider\" data-id=\"b47d3f5\" data-element_type=\"widget\" data-e-type=\"widget\" data-widget_type=\"divider.default\">\n\t\t\t\t<div class=\"elementor-widget-container\">\n\t\t\t\t\t\t\t<div class=\"elementor-divider\">\n\t\t\t<span class=\"elementor-divider-separator\">\n\t\t\t\t\t\t<\/span>\n\t\t<\/div>\n\t\t\t\t\t\t<\/div>\n\t\t\t\t<\/div>\n\t\t\t\t<div class=\"elementor-element elementor-element-60d4553 elementor-widget__width-initial animated-fast elementor-invisible elementor-widget elementor-widget-text-editor\" data-id=\"60d4553\" data-element_type=\"widget\" data-e-type=\"widget\" data-settings=\"{&quot;_animation&quot;:&quot;fadeInUp&quot;}\" data-widget_type=\"text-editor.default\">\n\t\t\t\t<div class=\"elementor-widget-container\">\n\t\t\t\t\t\t\t\t\t<p>Chez Savi Benissa &amp; Calpe, nous concevons des <strong>cuisines avec barre de petit-d\u00e9jeuner<\/strong> qui allient fonctionnalit\u00e9 et style pour s&rsquo;adapter \u00e0 n&rsquo;importe quelle maison. Plus qu&rsquo;une simple option de design, ces cuisines offrent un espace pratique et accueillant, parfait pour cuisiner, prendre un repas informel ou se retrouver en famille ou entre amis. <\/p>\n<p>Les bars am\u00e9ricains sont une solution polyvalente qui permet d&rsquo;optimiser l&rsquo;espace, en cr\u00e9ant une connexion fluide entre la cuisine et les espaces communs. Leur conception pratique leur permet d&rsquo;\u00eatre utilis\u00e9s comme plan de travail, zone de stockage ou m\u00eame comme petite salle \u00e0 manger, ajoutant une touche moderne et contemporaine. <\/p>\n<p>Les <strong>cuisines avec bar \u00e0 petit-d\u00e9jeuner<\/strong> se caract\u00e9risent par un design personnalis\u00e9, des lignes \u00e9l\u00e9gantes et des mat\u00e9riaux de haute qualit\u00e9 qui s&rsquo;adaptent \u00e0 vos pr\u00e9f\u00e9rences. Chez Savi Benissa &amp; Calpe, nous travaillons avec vous pour cr\u00e9er un espace unique qui s&rsquo;adapte parfaitement \u00e0 votre maison et \u00e0 votre style de vie. <\/p>\n<p>D\u00e9couvrez comment une cuisine avec bar \u00e0 petit-d\u00e9jeuner peut transformer votre espace en un lieu fonctionnel et \u00e9l\u00e9gant. Avec Savi Benissa &amp; Calpe, le design et le confort vont de pair pour cr\u00e9er le c\u0153ur de votre maison. <\/p>\n\t\t\t\t\t\t\t\t<\/div>\n\t\t\t\t<\/div>\n\t\t\t\t\t<\/div>\n\t\t<\/div>\n\t\t\t\t\t<\/div>\n\t\t<\/section>\n\t\t\t\t<section class=\"elementor-section elementor-top-section elementor-element elementor-element-5f8d1cd elementor-section-boxed elementor-section-height-default elementor-section-height-default\" data-id=\"5f8d1cd\" data-element_type=\"section\" data-e-type=\"section\">\n\t\t\t\t\t\t<div class=\"elementor-container elementor-column-gap-default\">\n\t\t\t\t\t<div class=\"elementor-column elementor-col-50 elementor-top-column elementor-element elementor-element-7a7b8ae\" data-id=\"7a7b8ae\" data-element_type=\"column\" data-e-type=\"column\">\n\t\t\t<div class=\"elementor-widget-wrap elementor-element-populated\">\n\t\t\t\t\t\t<div class=\"elementor-element elementor-element-c9c941d elementor-widget elementor-widget-text-editor\" data-id=\"c9c941d\" data-element_type=\"widget\" data-e-type=\"widget\" data-widget_type=\"text-editor.default\">\n\t\t\t\t<div class=\"elementor-widget-container\">\n\t\t\t\t\t\t\t\t\t<h2>Cuisines avec bar \u00e0 petit-d\u00e9jeuner : un espace moderne et pratique<\/h2>\n<p>Chez Savi Benissa &amp; Calpe, nous comprenons qu&rsquo;une <strong>cuisine avec bar \u00e0 petit-d\u00e9jeuner<\/strong> n&rsquo;est pas seulement un endroit o\u00f9 l&rsquo;on pr\u00e9pare les repas, mais aussi un point de rencontre o\u00f9 l&rsquo;on peut se divertir et partager. Ce design innovant combine parfaitement fonctionnalit\u00e9 et esth\u00e9tique, en s&rsquo;adaptant aux besoins des maisons d&rsquo;aujourd&rsquo;hui. <\/p>\n<p>Les bars am\u00e9ricains sont id\u00e9aux pour tirer le meilleur parti des espaces ouverts, en reliant la cuisine aux autres pi\u00e8ces de la maison. Ils offrent une surface multifonctionnelle qui peut \u00eatre utilis\u00e9e comme zone de travail, zone de stockage ou m\u00eame comme petite salle \u00e0 manger pour des r\u00e9unions informelles. <\/p>\n<p>Avec des mat\u00e9riaux de haute qualit\u00e9 et des designs personnalisables, nos <strong>cuisines \u00e0 comptoir<\/strong> s&rsquo;adaptent \u00e0 tous les styles, du minimaliste au contemporain. Ce type de cuisine permet non seulement d&rsquo;optimiser l&rsquo;espace, mais aussi d&rsquo;apporter une touche de modernit\u00e9 qui transforme votre int\u00e9rieur. <\/p>\n<p>Si vous recherchez la fonctionnalit\u00e9, le style et un espace confortable, chez Savi Benissa &amp; Calpe, nous concevons des cuisines qui vous conviennent. D\u00e9couvrez comment une <strong>barre de petit-d\u00e9jeuner<\/strong> peut am\u00e9liorer votre maison et lui donner une touche moderne et pratique. <\/p>\n\t\t\t\t\t\t\t\t<\/div>\n\t\t\t\t<\/div>\n\t\t\t\t\t<\/div>\n\t\t<\/div>\n\t\t\t\t<div class=\"elementor-column elementor-col-50 elementor-top-column elementor-element elementor-element-259c2f2\" data-id=\"259c2f2\" data-element_type=\"column\" data-e-type=\"column\">\n\t\t\t<div class=\"elementor-widget-wrap elementor-element-populated\">\n\t\t\t\t\t\t<div class=\"elementor-element elementor-element-f4e9503 elementor-widget elementor-widget-image\" data-id=\"f4e9503\" data-element_type=\"widget\" data-e-type=\"widget\" data-widget_type=\"image.default\">\n\t\t\t\t<div class=\"elementor-widget-container\">\n\t\t\t\t\t\t\t\t\t\t\t\t\t\t\t<img decoding=\"async\" src=\"https:\/\/savi.es\/wp-content\/uploads\/elementor\/thumbs\/reforma-tu-hogar-crea-tu-cocina-en-u-qcqr7z80e3tfs6lgtv05fubzeped0wbh0w5vl6mels.png\" title=\"reforma-tu-hogar-crea-tu-cocina-en-u\" alt=\"reforma-tu-hogar-crea-tu-cocina-en-u\" loading=\"lazy\" \/>\t\t\t\t\t\t\t\t\t\t\t\t\t\t\t<\/div>\n\t\t\t\t<\/div>\n\t\t\t\t\t<\/div>\n\t\t<\/div>\n\t\t\t\t\t<\/div>\n\t\t<\/section>\n\t\t\t\t<section class=\"elementor-section elementor-top-section elementor-element elementor-element-516c68c elementor-section-boxed elementor-section-height-default elementor-section-height-default\" data-id=\"516c68c\" data-element_type=\"section\" data-e-type=\"section\">\n\t\t\t\t\t\t<div class=\"elementor-container elementor-column-gap-default\">\n\t\t\t\t\t<div class=\"elementor-column elementor-col-100 elementor-top-column elementor-element elementor-element-29b3617\" data-id=\"29b3617\" data-element_type=\"column\" data-e-type=\"column\">\n\t\t\t<div class=\"elementor-widget-wrap elementor-element-populated\">\n\t\t\t\t\t\t<div class=\"elementor-element elementor-element-b900cd8 elementor-widget__width-initial animated-fast elementor-invisible elementor-widget elementor-widget-heading\" data-id=\"b900cd8\" data-element_type=\"widget\" data-e-type=\"widget\" data-settings=\"{&quot;_animation&quot;:&quot;fadeInUp&quot;}\" data-widget_type=\"heading.default\">\n\t\t\t\t<div class=\"elementor-widget-container\">\n\t\t\t\t\t<h2 class=\"elementor-heading-title elementor-size-default\">Nos magasins de cuisine<\/h2>\t\t\t\t<\/div>\n\t\t\t\t<\/div>\n\t\t\t\t<div class=\"elementor-element elementor-element-0f45cb3 elementor-widget-divider--view-line elementor-widget elementor-widget-divider\" data-id=\"0f45cb3\" data-element_type=\"widget\" data-e-type=\"widget\" data-widget_type=\"divider.default\">\n\t\t\t\t<div class=\"elementor-widget-container\">\n\t\t\t\t\t\t\t<div class=\"elementor-divider\">\n\t\t\t<span class=\"elementor-divider-separator\">\n\t\t\t\t\t\t<\/span>\n\t\t<\/div>\n\t\t\t\t\t\t<\/div>\n\t\t\t\t<\/div>\n\t\t\t\t<div class=\"elementor-element elementor-element-9fd1945 elementor-position-left elementor-vertical-align-top elementor-widget elementor-widget-image-box\" data-id=\"9fd1945\" data-element_type=\"widget\" data-e-type=\"widget\" data-widget_type=\"image-box.default\">\n\t\t\t\t<div class=\"elementor-widget-container\">\n\t\t\t\t\t<div class=\"elementor-image-box-wrapper\"><figure class=\"elementor-image-box-img\"><a href=\"https:\/\/savi.es\/fr\/services\/cuisines\/magasin-de-cuisine-a-benissa\/\" tabindex=\"-1\"><img decoding=\"async\" width=\"2048\" height=\"1365\" src=\"https:\/\/savi.es\/wp-content\/uploads\/2024\/08\/Savi-Benissa-2048x1365.jpg.webp\" class=\"attachment-full size-full wp-image-5759\" alt=\"Fachada moderna y oscura de la tienda SAVI al atardecer, con r\u00f3tulo luminoso en la carretera de Benissa y Calpe\" srcset=\"https:\/\/savi.es\/wp-content\/uploads\/2024\/08\/Savi-Benissa-2048x1365.jpg.webp 2048w, https:\/\/savi.es\/wp-content\/uploads\/2024\/08\/Savi-Benissa-2048x1365.jpg-300x200.webp 300w, https:\/\/savi.es\/wp-content\/uploads\/2024\/08\/Savi-Benissa-2048x1365.jpg-1024x683.webp 1024w, https:\/\/savi.es\/wp-content\/uploads\/2024\/08\/Savi-Benissa-2048x1365.jpg-768x512.webp 768w, https:\/\/savi.es\/wp-content\/uploads\/2024\/08\/Savi-Benissa-2048x1365.jpg-1536x1024.webp 1536w\" sizes=\"(max-width: 2048px) 100vw, 2048px\" \/><\/a><\/figure><div class=\"elementor-image-box-content\"><h3 class=\"elementor-image-box-title\"><a href=\"https:\/\/savi.es\/fr\/services\/cuisines\/magasin-de-cuisine-a-benissa\/\">Benissa<\/a><\/h3><p class=\"elementor-image-box-description\">Boutique situ\u00e9e \u00e0 Pol. Ind. la Pedrera, Calle Juan de la Cierva, 2, 03720 Benissa, Alicante.\nMagasin de cuisines, de salles de bains, de d\u00e9coration int\u00e9rieure, de r\u00e9formes et de menuiserie en g\u00e9n\u00e9ral.<\/p><\/div><\/div>\t\t\t\t<\/div>\n\t\t\t\t<\/div>\n\t\t\t\t<div class=\"elementor-element elementor-element-4a7c83b elementor-position-left elementor-vertical-align-top elementor-widget elementor-widget-image-box\" data-id=\"4a7c83b\" data-element_type=\"widget\" data-e-type=\"widget\" data-widget_type=\"image-box.default\">\n\t\t\t\t<div class=\"elementor-widget-container\">\n\t\t\t\t\t<div class=\"elementor-image-box-wrapper\"><figure class=\"elementor-image-box-img\"><a href=\"https:\/\/savi.es\/fr\/services\/cuisines\/magasin-de-cuisine-a-calpe\/\" tabindex=\"-1\"><img loading=\"lazy\" decoding=\"async\" width=\"680\" height=\"510\" src=\"https:\/\/savi.es\/wp-content\/uploads\/2023\/01\/2022-07-08.jpg\" class=\"attachment-full size-full wp-image-2301\" alt=\"Fachada de la tienda SAVI en calle peatonal, con escaparate moderno negro y men\u00fa de servicios.\" srcset=\"https:\/\/savi.es\/wp-content\/uploads\/2023\/01\/2022-07-08.jpg 680w, https:\/\/savi.es\/wp-content\/uploads\/2023\/01\/2022-07-08-300x225.jpg 300w\" sizes=\"(max-width: 680px) 100vw, 680px\" \/><\/a><\/figure><div class=\"elementor-image-box-content\"><h3 class=\"elementor-image-box-title\"><a href=\"https:\/\/savi.es\/fr\/services\/cuisines\/magasin-de-cuisine-a-calpe\/\">Calpe<\/a><\/h3><p class=\"elementor-image-box-description\">Magasin situ\u00e9 \u00e0 C\/ Corbeta 7, Bajo 4, 03710 Calpe, Alicante. Magasin de cuisines, salles de bains, d\u00e9coration d'int\u00e9rieur, r\u00e9formes et menuiserie en g\u00e9n\u00e9ral.<\/p><\/div><\/div>\t\t\t\t<\/div>\n\t\t\t\t<\/div>\n\t\t\t\t\t<\/div>\n\t\t<\/div>\n\t\t\t\t\t<\/div>\n\t\t<\/section>\n\t\t\t\t<section class=\"elementor-section elementor-top-section elementor-element elementor-element-b9c828d elementor-section-boxed elementor-section-height-default elementor-section-height-default\" data-id=\"b9c828d\" data-element_type=\"section\" data-e-type=\"section\">\n\t\t\t\t\t\t<div class=\"elementor-container elementor-column-gap-default\">\n\t\t\t\t\t<div class=\"elementor-column elementor-col-100 elementor-top-column elementor-element elementor-element-27b2e20\" data-id=\"27b2e20\" data-element_type=\"column\" data-e-type=\"column\">\n\t\t\t<div class=\"elementor-widget-wrap elementor-element-populated\">\n\t\t\t\t\t\t<div class=\"elementor-element elementor-element-9b363a0 elementor-widget elementor-widget-template\" data-id=\"9b363a0\" data-element_type=\"widget\" data-e-type=\"widget\" data-widget_type=\"template.default\">\n\t\t\t\t<div class=\"elementor-widget-container\">\n\t\t\t\t\t\t\t<div class=\"elementor-template\">\n\t\t\t\t\t<div data-elementor-type=\"section\" data-elementor-id=\"3821\" class=\"elementor elementor-3821 elementor-665 elementor-665\" data-elementor-post-type=\"elementor_library\">\n\t\t\t\t\t<section class=\"elementor-section elementor-top-section elementor-element elementor-element-4bf83c5b elementor-section-height-min-height elementor-section-items-stretch elementor-section-content-bottom cta__container elementor-section-boxed elementor-section-height-default\" data-id=\"4bf83c5b\" data-element_type=\"section\" data-e-type=\"section\" data-settings=\"{&quot;background_background&quot;:&quot;classic&quot;}\">\n\t\t\t\t\t\t\t<div class=\"elementor-background-overlay\"><\/div>\n\t\t\t\t\t\t\t<div class=\"elementor-container elementor-column-gap-default\">\n\t\t\t\t\t<div class=\"elementor-column elementor-col-100 elementor-top-column elementor-element elementor-element-6a5347b7\" data-id=\"6a5347b7\" data-element_type=\"column\" data-e-type=\"column\">\n\t\t\t<div class=\"elementor-widget-wrap elementor-element-populated\">\n\t\t\t\t\t\t<div class=\"elementor-element elementor-element-3a548fe3 elementor-widget__width-initial animated-fast elementor-invisible elementor-widget elementor-widget-heading\" data-id=\"3a548fe3\" data-element_type=\"widget\" data-e-type=\"widget\" data-settings=\"{&quot;_animation&quot;:&quot;fadeInUp&quot;}\" data-widget_type=\"heading.default\">\n\t\t\t\t<div class=\"elementor-widget-container\">\n\t\t\t\t\t<p class=\"elementor-heading-title elementor-size-default\">Contactez-nous pour plus d'informations<\/p>\t\t\t\t<\/div>\n\t\t\t\t<\/div>\n\t\t\t\t<div class=\"elementor-element elementor-element-7ea550c2 btn--underline animated-fast elementor-invisible elementor-widget elementor-widget-button\" data-id=\"7ea550c2\" data-element_type=\"widget\" data-e-type=\"widget\" data-settings=\"{&quot;_animation&quot;:&quot;fadeInUp&quot;}\" data-widget_type=\"button.default\">\n\t\t\t\t<div class=\"elementor-widget-container\">\n\t\t\t\t\t\t\t\t\t<div class=\"elementor-button-wrapper\">\n\t\t\t\t\t<a class=\"elementor-button elementor-button-link elementor-size-sm\" href=\"#elementor-action%3Aaction%3Dpopup%3Aopen%26settings%3DeyJpZCI6Mzg0NSwidG9nZ2xlIjpmYWxzZX0%3D\">\n\t\t\t\t\t\t<span class=\"elementor-button-content-wrapper\">\n\t\t\t\t\t\t\t\t\t<span class=\"elementor-button-text\">Contact<\/span>\n\t\t\t\t\t<\/span>\n\t\t\t\t\t<\/a>\n\t\t\t\t<\/div>\n\t\t\t\t\t\t\t\t<\/div>\n\t\t\t\t<\/div>\n\t\t\t\t\t<\/div>\n\t\t<\/div>\n\t\t\t\t\t<\/div>\n\t\t<\/section>\n\t\t\t\t<\/div>\n\t\t\t\t<\/div>\n\t\t\t\t\t\t<\/div>\n\t\t\t\t<\/div>\n\t\t\t\t\t<\/div>\n\t\t<\/div>\n\t\t\t\t\t<\/div>\n\t\t<\/section>\n\t\t\t\t<section class=\"elementor-section elementor-top-section elementor-element elementor-element-1307829 elementor-section-boxed elementor-section-height-default elementor-section-height-default\" data-id=\"1307829\" data-element_type=\"section\" data-e-type=\"section\">\n\t\t\t\t\t\t<div class=\"elementor-container elementor-column-gap-default\">\n\t\t\t\t\t<div class=\"elementor-column elementor-col-100 elementor-top-column elementor-element elementor-element-5adfa51\" data-id=\"5adfa51\" data-element_type=\"column\" data-e-type=\"column\">\n\t\t\t<div class=\"elementor-widget-wrap elementor-element-populated\">\n\t\t\t\t\t\t<div class=\"elementor-element elementor-element-14f5f2b animated-fast elementor-invisible elementor-widget elementor-widget-toggle\" data-id=\"14f5f2b\" data-element_type=\"widget\" data-e-type=\"widget\" data-settings=\"{&quot;_animation&quot;:&quot;fadeInUp&quot;}\" data-widget_type=\"toggle.default\">\n\t\t\t\t<div class=\"elementor-widget-container\">\n\t\t\t\t\t\t\t<div class=\"elementor-toggle\">\n\t\t\t\t\t\t\t<div class=\"elementor-toggle-item\">\n\t\t\t\t\t<h3 id=\"elementor-tab-title-2191\" class=\"elementor-tab-title\" data-tab=\"1\" role=\"button\" aria-controls=\"elementor-tab-content-2191\" aria-expanded=\"false\">\n\t\t\t\t\t\t\t\t\t\t\t\t<span class=\"elementor-toggle-icon elementor-toggle-icon-right\" aria-hidden=\"true\">\n\t\t\t\t\t\t\t\t\t\t\t\t\t\t\t<span class=\"elementor-toggle-icon-closed\"><svg xmlns=\"http:\/\/www.w3.org\/2000\/svg\" width=\"18.77\" height=\"19.375\" viewBox=\"0 0 18.77 19.375\"><path id=\"plus\" d=\"M12.754-15.449H20.8v2.7H12.754v8.32H10.039v-8.32H2.031v-2.7h8.008v-8.359h2.715Z\" transform=\"translate(-2.031 23.809)\" fill=\"#1d2626\"><\/path><\/svg><\/span>\n\t\t\t\t\t\t\t\t<span class=\"elementor-toggle-icon-opened\"><i class=\"elementor-toggle-icon-opened fas fa-minus\"><\/i><\/span>\n\t\t\t\t\t\t\t\t\t\t\t\t\t<\/span>\n\t\t\t\t\t\t\t\t\t\t\t\t<a class=\"elementor-toggle-title\" tabindex=\"0\">Quels sont les avantages d'une cuisine avec un comptoir de petit-d\u00e9jeuner ?<\/a>\n\t\t\t\t\t<\/h3>\n\n\t\t\t\t\t<div id=\"elementor-tab-content-2191\" class=\"elementor-tab-content elementor-clearfix\" data-tab=\"1\" role=\"region\" aria-labelledby=\"elementor-tab-title-2191\"><p>La <strong>cuisine avec bar \u00e0 petit-d\u00e9jeuner<\/strong> se distingue par son design moderne et polyvalent. Ce type de bar permet de relier la cuisine \u00e0 d&rsquo;autres zones de la maison, cr\u00e9ant ainsi un espace ouvert id\u00e9al pour socialiser tout en cuisinant. Ils offrent \u00e9galement une surface suppl\u00e9mentaire pour travailler, prendre des repas informels et ranger les ustensiles, optimisant ainsi l&rsquo;utilisation de l&rsquo;espace disponible.  <\/p>\n<\/div>\n\t\t\t\t<\/div>\n\t\t\t\t\t\t\t<div class=\"elementor-toggle-item\">\n\t\t\t\t\t<h3 id=\"elementor-tab-title-2192\" class=\"elementor-tab-title\" data-tab=\"2\" role=\"button\" aria-controls=\"elementor-tab-content-2192\" aria-expanded=\"false\">\n\t\t\t\t\t\t\t\t\t\t\t\t<span class=\"elementor-toggle-icon elementor-toggle-icon-right\" aria-hidden=\"true\">\n\t\t\t\t\t\t\t\t\t\t\t\t\t\t\t<span class=\"elementor-toggle-icon-closed\"><svg xmlns=\"http:\/\/www.w3.org\/2000\/svg\" width=\"18.77\" height=\"19.375\" viewBox=\"0 0 18.77 19.375\"><path id=\"plus\" d=\"M12.754-15.449H20.8v2.7H12.754v8.32H10.039v-8.32H2.031v-2.7h8.008v-8.359h2.715Z\" transform=\"translate(-2.031 23.809)\" fill=\"#1d2626\"><\/path><\/svg><\/span>\n\t\t\t\t\t\t\t\t<span class=\"elementor-toggle-icon-opened\"><i class=\"elementor-toggle-icon-opened fas fa-minus\"><\/i><\/span>\n\t\t\t\t\t\t\t\t\t\t\t\t\t<\/span>\n\t\t\t\t\t\t\t\t\t\t\t\t<a class=\"elementor-toggle-title\" tabindex=\"0\">Est-il n\u00e9cessaire d'avoir beaucoup d'espace pour installer un bar de petit-d\u00e9jeuner ?<\/a>\n\t\t\t\t\t<\/h3>\n\n\t\t\t\t\t<div id=\"elementor-tab-content-2192\" class=\"elementor-tab-content elementor-clearfix\" data-tab=\"2\" role=\"region\" aria-labelledby=\"elementor-tab-title-2192\"><p>Non, les <strong>bars am\u00e9ricains<\/strong> peuvent \u00eatre adapt\u00e9s \u00e0 des cuisines de diff\u00e9rentes tailles. Il existe des mod\u00e8les compacts, id\u00e9aux pour les petits espaces, qui maximisent la fonctionnalit\u00e9 sans prendre trop de place. Chez Savi Benissa &amp; Calpe, nous concevons des bars sur mesure qui s&rsquo;adaptent aux dimensions et aux caract\u00e9ristiques de votre cuisine.  <\/p>\n<\/div>\n\t\t\t\t<\/div>\n\t\t\t\t\t\t\t<div class=\"elementor-toggle-item\">\n\t\t\t\t\t<h3 id=\"elementor-tab-title-2193\" class=\"elementor-tab-title\" data-tab=\"3\" role=\"button\" aria-controls=\"elementor-tab-content-2193\" aria-expanded=\"false\">\n\t\t\t\t\t\t\t\t\t\t\t\t<span class=\"elementor-toggle-icon elementor-toggle-icon-right\" aria-hidden=\"true\">\n\t\t\t\t\t\t\t\t\t\t\t\t\t\t\t<span class=\"elementor-toggle-icon-closed\"><svg xmlns=\"http:\/\/www.w3.org\/2000\/svg\" width=\"18.77\" height=\"19.375\" viewBox=\"0 0 18.77 19.375\"><path id=\"plus\" d=\"M12.754-15.449H20.8v2.7H12.754v8.32H10.039v-8.32H2.031v-2.7h8.008v-8.359h2.715Z\" transform=\"translate(-2.031 23.809)\" fill=\"#1d2626\"><\/path><\/svg><\/span>\n\t\t\t\t\t\t\t\t<span class=\"elementor-toggle-icon-opened\"><i class=\"elementor-toggle-icon-opened fas fa-minus\"><\/i><\/span>\n\t\t\t\t\t\t\t\t\t\t\t\t\t<\/span>\n\t\t\t\t\t\t\t\t\t\t\t\t<a class=\"elementor-toggle-title\" tabindex=\"0\">Quels sont les mat\u00e9riaux id\u00e9aux pour un bar am\u00e9ricain ?<\/a>\n\t\t\t\t\t<\/h3>\n\n\t\t\t\t\t<div id=\"elementor-tab-content-2193\" class=\"elementor-tab-content elementor-clearfix\" data-tab=\"3\" role=\"region\" aria-labelledby=\"elementor-tab-title-2193\"><p>Les mat\u00e9riaux les plus couramment utilis\u00e9s pour un <strong>bar de petit-d\u00e9jeuner<\/strong> sont le bois, le quartz, le granit et le marbre, en fonction du style souhait\u00e9. Ces mat\u00e9riaux garantissent la durabilit\u00e9 et la facilit\u00e9 d&rsquo;entretien, tout en offrant des finitions qui compl\u00e8tent le design g\u00e9n\u00e9ral de la cuisine. Le choix d\u00e9pendra de vos pr\u00e9f\u00e9rences esth\u00e9tiques et de vos besoins pratiques.  <\/p>\n<\/div>\n\t\t\t\t<\/div>\n\t\t\t\t\t\t\t\t\t\t<script type=\"application\/ld+json\">{\"@context\":\"https:\\\/\\\/schema.org\",\"@type\":\"FAQPage\",\"mainEntity\":[{\"@type\":\"Question\",\"name\":\"Quels sont les avantages d'une cuisine avec un comptoir de petit-d\\u00e9jeuner ?\",\"acceptedAnswer\":{\"@type\":\"Answer\",\"text\":\"<p>La <strong>cuisine avec bar \\u00e0 petit-d\\u00e9jeuner<\\\/strong> se distingue par son design moderne et polyvalent. Ce type de bar permet de relier la cuisine \\u00e0 d&rsquo;autres zones de la maison, cr\\u00e9ant ainsi un espace ouvert id\\u00e9al pour socialiser tout en cuisinant. Ils offrent \\u00e9galement une surface suppl\\u00e9mentaire pour travailler, prendre des repas informels et ranger les ustensiles, optimisant ainsi l&rsquo;utilisation de l&rsquo;espace disponible.  <\\\/p>\\n\"}},{\"@type\":\"Question\",\"name\":\"Est-il n\\u00e9cessaire d'avoir beaucoup d'espace pour installer un bar de petit-d\\u00e9jeuner ?\",\"acceptedAnswer\":{\"@type\":\"Answer\",\"text\":\"<p>Non, les <strong>bars am\\u00e9ricains<\\\/strong> peuvent \\u00eatre adapt\\u00e9s \\u00e0 des cuisines de diff\\u00e9rentes tailles. Il existe des mod\\u00e8les compacts, id\\u00e9aux pour les petits espaces, qui maximisent la fonctionnalit\\u00e9 sans prendre trop de place. Chez Savi Benissa &amp; Calpe, nous concevons des bars sur mesure qui s&rsquo;adaptent aux dimensions et aux caract\\u00e9ristiques de votre cuisine.  <\\\/p>\\n\"}},{\"@type\":\"Question\",\"name\":\"Quels sont les mat\\u00e9riaux id\\u00e9aux pour un bar am\\u00e9ricain ?\",\"acceptedAnswer\":{\"@type\":\"Answer\",\"text\":\"<p>Les mat\\u00e9riaux les plus couramment utilis\\u00e9s pour un <strong>bar de petit-d\\u00e9jeuner<\\\/strong> sont le bois, le quartz, le granit et le marbre, en fonction du style souhait\\u00e9. Ces mat\\u00e9riaux garantissent la durabilit\\u00e9 et la facilit\\u00e9 d&rsquo;entretien, tout en offrant des finitions qui compl\\u00e8tent le design g\\u00e9n\\u00e9ral de la cuisine. Le choix d\\u00e9pendra de vos pr\\u00e9f\\u00e9rences esth\\u00e9tiques et de vos besoins pratiques.  <\\\/p>\\n\"}}]}<\/script>\n\t\t\t\t\t<\/div>\n\t\t\t\t\t\t<\/div>\n\t\t\t\t<\/div>\n\t\t\t\t\t<\/div>\n\t\t<\/div>\n\t\t\t\t\t<\/div>\n\t\t<\/section>\n\t\t\t\t<\/div>\n\t\t","protected":false},"excerpt":{"rendered":"<p>Accueil \/ Services \/ \u00c9viers \/ Cuisines avec bar \u00e0 petit-d\u00e9jeuner Chez Savi Benissa &amp; Calpe, nous cr\u00e9ons des cuisines ouvertes con\u00e7ues pour fusionner l&rsquo;esth\u00e9tique et l&rsquo;utilit\u00e9, transformant votre cuisine en un espace confortable, moderne et polyvalent. Ce type de conception est id\u00e9al pour ceux qui souhaitent optimiser leur maison, en int\u00e9grant les zones de [&hellip;]<\/p>\n","protected":false},"author":4,"featured_media":0,"parent":3980,"menu_order":0,"comment_status":"closed","ping_status":"closed","template":"","meta":{"_acf_changed":false,"footnotes":""},"class_list":["post-7146","page","type-page","status-publish","hentry"],"acf":[],"_links":{"self":[{"href":"https:\/\/savi.es\/fr\/wp-json\/wp\/v2\/pages\/7146","targetHints":{"allow":["GET"]}}],"collection":[{"href":"https:\/\/savi.es\/fr\/wp-json\/wp\/v2\/pages"}],"about":[{"href":"https:\/\/savi.es\/fr\/wp-json\/wp\/v2\/types\/page"}],"author":[{"embeddable":true,"href":"https:\/\/savi.es\/fr\/wp-json\/wp\/v2\/users\/4"}],"replies":[{"embeddable":true,"href":"https:\/\/savi.es\/fr\/wp-json\/wp\/v2\/comments?post=7146"}],"version-history":[{"count":1,"href":"https:\/\/savi.es\/fr\/wp-json\/wp\/v2\/pages\/7146\/revisions"}],"predecessor-version":[{"id":7147,"href":"https:\/\/savi.es\/fr\/wp-json\/wp\/v2\/pages\/7146\/revisions\/7147"}],"up":[{"embeddable":true,"href":"https:\/\/savi.es\/fr\/wp-json\/wp\/v2\/pages\/3980"}],"wp:attachment":[{"href":"https:\/\/savi.es\/fr\/wp-json\/wp\/v2\/media?parent=7146"}],"curies":[{"name":"wp","href":"https:\/\/api.w.org\/{rel}","templated":true}]}}