{"id":7286,"date":"2025-02-14T09:03:01","date_gmt":"2025-02-14T08:03:01","guid":{"rendered":"https:\/\/savi.es\/diensten\/toiletten\/toiletten\/"},"modified":"2025-02-14T10:04:05","modified_gmt":"2025-02-14T09:04:05","slug":"toiletten","status":"publish","type":"page","link":"https:\/\/savi.es\/nl\/diensten\/toiletten\/toiletten\/","title":{"rendered":"Toiletten"},"content":{"rendered":"\t\t<div data-elementor-type=\"wp-page\" data-elementor-id=\"7286\" class=\"elementor elementor-7286 elementor-7237\" data-elementor-post-type=\"page\">\n\t\t\t\t\t\t<section class=\"elementor-section elementor-top-section elementor-element elementor-element-9cd041f elementor-section-height-min-height elementor-section-items-stretch elementor-section-content-bottom elementor-section-boxed elementor-section-height-default\" data-id=\"9cd041f\" data-element_type=\"section\" data-e-type=\"section\" data-settings=\"{&quot;background_background&quot;:&quot;classic&quot;}\">\n\t\t\t\t\t\t<div class=\"elementor-container elementor-column-gap-default\">\n\t\t\t\t\t<div class=\"elementor-column elementor-col-100 elementor-top-column elementor-element elementor-element-26e7a3e\" data-id=\"26e7a3e\" data-element_type=\"column\" data-e-type=\"column\">\n\t\t\t<div class=\"elementor-widget-wrap\">\n\t\t\t\t\t\t\t<\/div>\n\t\t<\/div>\n\t\t\t\t\t<\/div>\n\t\t<\/section>\n\t\t\t\t<section class=\"elementor-section elementor-top-section elementor-element elementor-element-25a4006 elementor-section-boxed elementor-section-height-default elementor-section-height-default\" data-id=\"25a4006\" data-element_type=\"section\" data-e-type=\"section\">\n\t\t\t\t\t\t<div class=\"elementor-container elementor-column-gap-default\">\n\t\t\t\t\t<div class=\"elementor-column elementor-col-100 elementor-top-column elementor-element elementor-element-845bc13\" data-id=\"845bc13\" data-element_type=\"column\" data-e-type=\"column\">\n\t\t\t<div class=\"elementor-widget-wrap elementor-element-populated\">\n\t\t\t\t\t\t<div class=\"elementor-element elementor-element-2e3a491 elementor-icon-list--layout-inline animated-fast elementor-list-item-link-full_width elementor-invisible elementor-widget elementor-widget-icon-list\" data-id=\"2e3a491\" data-element_type=\"widget\" data-e-type=\"widget\" data-settings=\"{&quot;_animation&quot;:&quot;fadeInUp&quot;}\" data-widget_type=\"icon-list.default\">\n\t\t\t\t<div class=\"elementor-widget-container\">\n\t\t\t\t\t\t\t<ul class=\"elementor-icon-list-items elementor-inline-items\">\n\t\t\t\t\t\t\t<li class=\"elementor-icon-list-item elementor-inline-item\">\n\t\t\t\t\t\t\t\t\t\t\t<a href=\"https:\/\/savi.es\/nl\/\">\n\n\t\t\t\t\t\t\t\t\t\t\t<span class=\"elementor-icon-list-text\">Home<\/span>\n\t\t\t\t\t\t\t\t\t\t\t<\/a>\n\t\t\t\t\t\t\t\t\t<\/li>\n\t\t\t\t\t\t\t\t<li class=\"elementor-icon-list-item elementor-inline-item\">\n\t\t\t\t\t\t\t\t\t\t<span class=\"elementor-icon-list-text\">\/<\/span>\n\t\t\t\t\t\t\t\t\t<\/li>\n\t\t\t\t\t\t\t\t<li class=\"elementor-icon-list-item elementor-inline-item\">\n\t\t\t\t\t\t\t\t\t\t<span class=\"elementor-icon-list-text\">Diensten<\/span>\n\t\t\t\t\t\t\t\t\t<\/li>\n\t\t\t\t\t\t\t\t<li class=\"elementor-icon-list-item elementor-inline-item\">\n\t\t\t\t\t\t\t\t\t\t<span class=\"elementor-icon-list-text\">\/<\/span>\n\t\t\t\t\t\t\t\t\t<\/li>\n\t\t\t\t\t\t\t\t<li class=\"elementor-icon-list-item elementor-inline-item\">\n\t\t\t\t\t\t\t\t\t\t\t<a href=\"https:\/\/savi.es\/nl\/diensten\/spoelbakken\/\">\n\n\t\t\t\t\t\t\t\t\t\t\t<span class=\"elementor-icon-list-text\">Spoelbakken<\/span>\n\t\t\t\t\t\t\t\t\t\t\t<\/a>\n\t\t\t\t\t\t\t\t\t<\/li>\n\t\t\t\t\t\t\t\t<li class=\"elementor-icon-list-item elementor-inline-item\">\n\t\t\t\t\t\t\t\t\t\t<span class=\"elementor-icon-list-text\">\/<\/span>\n\t\t\t\t\t\t\t\t\t<\/li>\n\t\t\t\t\t\t\t\t<li class=\"elementor-icon-list-item elementor-inline-item\">\n\t\t\t\t\t\t\t\t\t\t<span class=\"elementor-icon-list-text\"><\/span>\n\t\t\t\t\t\t\t\t\t<\/li>\n\t\t\t\t\t\t<\/ul>\n\t\t\t\t\t\t<\/div>\n\t\t\t\t<\/div>\n\t\t\t\t\t<\/div>\n\t\t<\/div>\n\t\t\t\t\t<\/div>\n\t\t<\/section>\n\t\t\t\t<section class=\"elementor-section elementor-top-section elementor-element elementor-element-e814c5e elementor-section-boxed elementor-section-height-default elementor-section-height-default\" data-id=\"e814c5e\" data-element_type=\"section\" data-e-type=\"section\">\n\t\t\t\t\t\t<div class=\"elementor-container elementor-column-gap-default\">\n\t\t\t\t\t<div class=\"elementor-column elementor-col-100 elementor-top-column elementor-element elementor-element-a8d3cad\" data-id=\"a8d3cad\" data-element_type=\"column\" data-e-type=\"column\">\n\t\t\t<div class=\"elementor-widget-wrap elementor-element-populated\">\n\t\t\t\t\t\t<div class=\"elementor-element elementor-element-e48abd4 animated-fast elementor-invisible elementor-widget elementor-widget-heading\" data-id=\"e48abd4\" data-element_type=\"widget\" data-e-type=\"widget\" data-settings=\"{&quot;_animation&quot;:&quot;fadeInUp&quot;}\" data-widget_type=\"heading.default\">\n\t\t\t\t<div class=\"elementor-widget-container\">\n\t\t\t\t\t<h1 class=\"elementor-heading-title elementor-size-default\">Badkamer wastafels<\/h1>\t\t\t\t<\/div>\n\t\t\t\t<\/div>\n\t\t\t\t<div class=\"elementor-element elementor-element-2fa146c elementor-widget__width-initial animated-fast elementor-invisible elementor-widget elementor-widget-text-editor\" data-id=\"2fa146c\" data-element_type=\"widget\" data-e-type=\"widget\" data-settings=\"{&quot;_animation&quot;:&quot;fadeInUp&quot;}\" data-widget_type=\"text-editor.default\">\n\t\t\t\t<div class=\"elementor-widget-container\">\n\t\t\t\t\t\t\t\t\t<p data-start=\"56\" data-end=\"360\">Bij <strong data-start=\"59\" data-end=\"83\">Savi Benissa &amp; Calpe<\/strong> weten we dat de wastafel een belangrijk onderdeel is van elke badkamer, zowel vanwege de functionaliteit als vanwege de stijl die het toevoegt aan de ruimte. Daarom bieden we een selectie <strong data-start=\"250\" data-end=\"282\">moderne en elegante wastafels<\/strong>, ontworpen voor verschillende behoeften en decoratiestijlen. <\/p>\n<p data-start=\"362\" data-end=\"666\">We hebben modellen van <strong data-start=\"387\" data-end=\"452\">opzetwastafels, wandwastafels, ge\u00efntegreerde wastafels of inbouwwastafels<\/strong>, in verschillende materialen zoals porselein, hars, natuursteen en keramiek van hoge kwaliteit. Elke optie is ontworpen om de ruimte te optimaliseren, het comfort te verbeteren en een onderscheidend tintje aan je badkamer toe te voegen. <\/p>\n<p data-start=\"668\" data-end=\"928\" data-is-last-node=\"\">Als je op zoek bent naar een wastafel die <strong data-start=\"708\" data-end=\"745\">design, weerstand en functionaliteit<\/strong> combineert, dan zullen we je bij <strong data-start=\"750\" data-end=\"774\">Savi Benissa &amp; Calpe<\/strong> adviseren om de ideale optie te vinden. Ontdek hoe een goed gekozen wastafel de esthetiek en functionaliteit van je badkamer volledig kan veranderen. <\/p>\n\t\t\t\t\t\t\t\t<\/div>\n\t\t\t\t<\/div>\n\t\t\t\t\t<\/div>\n\t\t<\/div>\n\t\t\t\t\t<\/div>\n\t\t<\/section>\n\t\t\t\t<section class=\"elementor-section elementor-top-section elementor-element elementor-element-39d550a elementor-section-boxed elementor-section-height-default elementor-section-height-default\" data-id=\"39d550a\" data-element_type=\"section\" data-e-type=\"section\">\n\t\t\t\t\t\t<div class=\"elementor-container elementor-column-gap-default\">\n\t\t\t\t\t<div class=\"elementor-column elementor-col-50 elementor-top-column elementor-element elementor-element-51f19cd\" data-id=\"51f19cd\" data-element_type=\"column\" data-e-type=\"column\">\n\t\t\t<div class=\"elementor-widget-wrap elementor-element-populated\">\n\t\t\t\t\t\t<div class=\"elementor-element elementor-element-25e6329 animated-fast elementor-invisible elementor-widget elementor-widget-image\" data-id=\"25e6329\" data-element_type=\"widget\" data-e-type=\"widget\" data-settings=\"{&quot;_animation&quot;:&quot;fadeInLeft&quot;}\" data-widget_type=\"image.default\">\n\t\t\t\t<div class=\"elementor-widget-container\">\n\t\t\t\t\t\t\t\t\t\t\t\t\t\t\t<img fetchpriority=\"high\" decoding=\"async\" width=\"742\" height=\"498\" src=\"https:\/\/savi.es\/wp-content\/uploads\/2025\/02\/mueble-de-bano.jpg\" class=\"attachment-full size-full wp-image-7180\" alt=\"mueble de ba\u00f1o\" srcset=\"https:\/\/savi.es\/wp-content\/uploads\/2025\/02\/mueble-de-bano.jpg 742w, https:\/\/savi.es\/wp-content\/uploads\/2025\/02\/mueble-de-bano-300x201.jpg 300w\" sizes=\"(max-width: 742px) 100vw, 742px\" \/>\t\t\t\t\t\t\t\t\t\t\t\t\t\t\t<\/div>\n\t\t\t\t<\/div>\n\t\t\t\t\t<\/div>\n\t\t<\/div>\n\t\t\t\t<div class=\"elementor-column elementor-col-50 elementor-top-column elementor-element elementor-element-1c6e574\" data-id=\"1c6e574\" data-element_type=\"column\" data-e-type=\"column\">\n\t\t\t<div class=\"elementor-widget-wrap elementor-element-populated\">\n\t\t\t\t\t\t<div class=\"elementor-element elementor-element-90373e2 animated-fast elementor-invisible elementor-widget elementor-widget-image\" data-id=\"90373e2\" data-element_type=\"widget\" data-e-type=\"widget\" data-settings=\"{&quot;_animation&quot;:&quot;fadeInRight&quot;}\" data-widget_type=\"image.default\">\n\t\t\t\t<div class=\"elementor-widget-container\">\n\t\t\t\t\t\t\t\t\t\t\t\t\t\t\t<img decoding=\"async\" width=\"742\" height=\"498\" src=\"https:\/\/savi.es\/wp-content\/uploads\/2022\/07\/img1-3.jpg\" class=\"attachment-full size-full wp-image-3401\" alt=\"Ba\u00f1o de dise\u00f1o a medida por Arrital Benissa &amp; Calpe, con un mueble de ba\u00f1o marr\u00f3n con dos patas doradas y varios espejos circulares. Todos los detalles, en oro cepillado.\" srcset=\"https:\/\/savi.es\/wp-content\/uploads\/2022\/07\/img1-3.jpg 742w, https:\/\/savi.es\/wp-content\/uploads\/2022\/07\/img1-3-300x201.jpg 300w\" sizes=\"(max-width: 742px) 100vw, 742px\" \/>\t\t\t\t\t\t\t\t\t\t\t\t\t\t\t<\/div>\n\t\t\t\t<\/div>\n\t\t\t\t\t<\/div>\n\t\t<\/div>\n\t\t\t\t\t<\/div>\n\t\t<\/section>\n\t\t\t\t<section class=\"elementor-section elementor-top-section elementor-element elementor-element-d275067 elementor-section-boxed elementor-section-height-default elementor-section-height-default\" data-id=\"d275067\" data-element_type=\"section\" data-e-type=\"section\">\n\t\t\t\t\t\t<div class=\"elementor-container elementor-column-gap-default\">\n\t\t\t\t\t<div class=\"elementor-column elementor-col-50 elementor-top-column elementor-element elementor-element-f9bac05\" data-id=\"f9bac05\" data-element_type=\"column\" data-e-type=\"column\">\n\t\t\t<div class=\"elementor-widget-wrap elementor-element-populated\">\n\t\t\t\t\t\t<div class=\"elementor-element elementor-element-b2d9853 elementor-widget__width-initial animated-fast elementor-invisible elementor-widget elementor-widget-heading\" data-id=\"b2d9853\" data-element_type=\"widget\" data-e-type=\"widget\" data-settings=\"{&quot;_animation&quot;:&quot;fadeInUp&quot;}\" data-widget_type=\"heading.default\">\n\t\t\t\t<div class=\"elementor-widget-container\">\n\t\t\t\t\t<h2 class=\"elementor-heading-title elementor-size-default\">Badkamer wastafels<\/h2>\t\t\t\t<\/div>\n\t\t\t\t<\/div>\n\t\t\t\t<div class=\"elementor-element elementor-element-4693ba1 elementor-widget-divider--view-line elementor-widget elementor-widget-divider\" data-id=\"4693ba1\" data-element_type=\"widget\" data-e-type=\"widget\" data-widget_type=\"divider.default\">\n\t\t\t\t<div class=\"elementor-widget-container\">\n\t\t\t\t\t\t\t<div class=\"elementor-divider\">\n\t\t\t<span class=\"elementor-divider-separator\">\n\t\t\t\t\t\t<\/span>\n\t\t<\/div>\n\t\t\t\t\t\t<\/div>\n\t\t\t\t<\/div>\n\t\t\t\t\t<\/div>\n\t\t<\/div>\n\t\t\t\t<div class=\"elementor-column elementor-col-50 elementor-top-column elementor-element elementor-element-66f2792\" data-id=\"66f2792\" data-element_type=\"column\" data-e-type=\"column\">\n\t\t\t<div class=\"elementor-widget-wrap elementor-element-populated\">\n\t\t\t\t\t\t<div class=\"elementor-element elementor-element-b47d3f5 elementor-widget-divider--view-line elementor-widget elementor-widget-divider\" data-id=\"b47d3f5\" data-element_type=\"widget\" data-e-type=\"widget\" data-widget_type=\"divider.default\">\n\t\t\t\t<div class=\"elementor-widget-container\">\n\t\t\t\t\t\t\t<div class=\"elementor-divider\">\n\t\t\t<span class=\"elementor-divider-separator\">\n\t\t\t\t\t\t<\/span>\n\t\t<\/div>\n\t\t\t\t\t\t<\/div>\n\t\t\t\t<\/div>\n\t\t\t\t<div class=\"elementor-element elementor-element-60d4553 elementor-widget__width-initial animated-fast elementor-invisible elementor-widget elementor-widget-text-editor\" data-id=\"60d4553\" data-element_type=\"widget\" data-e-type=\"widget\" data-settings=\"{&quot;_animation&quot;:&quot;fadeInUp&quot;}\" data-widget_type=\"text-editor.default\">\n\t\t\t\t<div class=\"elementor-widget-container\">\n\t\t\t\t\t\t\t\t\t<p data-start=\"65\" data-end=\"339\">De wastafel is een essentieel element in elke badkamer, omdat het functionaliteit en stijl in \u00e9\u00e9n ruimte combineert. Bij <strong data-start=\"179\" data-end=\"203\">Savi Benissa &amp; Calpe<\/strong> bieden we je een ruime keuze aan <strong data-start=\"242\" data-end=\"277\">moderne en verfijnde wastafels<\/strong>, ontworpen naar verschillende smaken en behoeften. <\/p>\n<p data-start=\"341\" data-end=\"672\">Onze collectie omvat <strong data-start=\"367\" data-end=\"433\">opzetwastafels, inlegwastafels, wandwastafels en wastafels op voet<\/strong>, verkrijgbaar in verschillende materialen zoals porselein, natuursteen, hars en hoogwaardig keramiek. Naast design geven we prioriteit aan duurzaamheid en onderhoudsgemak, zodat je badkamer er altijd onberispelijk uit blijft zien. <\/p>\n<p data-start=\"674\" data-end=\"928\" data-is-last-node=\"\">Als je op zoek bent naar een wastafel die een onderscheidend en praktisch tintje aan je badkamer geeft, kunnen we je bij <strong data-start=\"750\" data-end=\"774\">Savi Benissa &amp; Calpe<\/strong> adviseren om de ideale optie te vinden. Ontdek hoe een goed gekozen wastafel de esthetiek en functionaliteit van je badkamer volledig kan veranderen. <\/p>\n\t\t\t\t\t\t\t\t<\/div>\n\t\t\t\t<\/div>\n\t\t\t\t\t<\/div>\n\t\t<\/div>\n\t\t\t\t\t<\/div>\n\t\t<\/section>\n\t\t\t\t<section class=\"elementor-section elementor-top-section elementor-element elementor-element-5f8d1cd elementor-section-boxed elementor-section-height-default elementor-section-height-default\" data-id=\"5f8d1cd\" data-element_type=\"section\" data-e-type=\"section\">\n\t\t\t\t\t\t<div class=\"elementor-container elementor-column-gap-default\">\n\t\t\t\t\t<div class=\"elementor-column elementor-col-50 elementor-top-column elementor-element elementor-element-7a7b8ae\" data-id=\"7a7b8ae\" data-element_type=\"column\" data-e-type=\"column\">\n\t\t\t<div class=\"elementor-widget-wrap elementor-element-populated\">\n\t\t\t\t\t\t<div class=\"elementor-element elementor-element-c9c941d elementor-widget elementor-widget-text-editor\" data-id=\"c9c941d\" data-element_type=\"widget\" data-e-type=\"widget\" data-widget_type=\"text-editor.default\">\n\t\t\t\t<div class=\"elementor-widget-container\">\n\t\t\t\t\t\t\t\t\t<h2 data-start=\"0\" data-end=\"67\">Badkamerwastafels: stijl en functionaliteit in elk detail<\/h2>\n<p data-start=\"69\" data-end=\"359\">Bij <strong data-start=\"72\" data-end=\"96\">Savi Benissa &amp; Calpe<\/strong> weten we dat de wastafel een centraal element is in elke badkamer, een combinatie van functionaliteit en design om een praktische en harmonieuze ruimte te cre\u00ebren. Daarom bieden we een brede selectie <strong data-start=\"283\" data-end=\"310\">wastafels van hoge kwaliteit<\/strong>, aangepast aan verschillende stijlen en behoeften. <\/p>\n<p data-start=\"361\" data-end=\"719\">Onze collectie omvat <strong data-start=\"387\" data-end=\"452\">opzetwastafels, wandwastafels, inbouwwastafels en ge\u00efntegreerde wastafels<\/strong> in duurzame materialen zoals porselein, hars, natuursteen en zeer duurzaam keramiek. Met opties vari\u00ebrend van minimalistische ontwerpen tot meer verfijnde modellen, zijn onze wastafels ontworpen om de ruimte te optimaliseren zonder afbreuk te doen aan de esthetiek. <\/p>\n<p data-start=\"721\" data-end=\"970\" data-is-last-node=\"\">Als je op zoek bent naar een wastafel die persoonlijkheid en comfort brengt in je badkamer, dan zullen we je bij <strong data-start=\"789\" data-end=\"813\">Savi Benissa &amp; Calpe<\/strong> adviseren om de perfecte optie te vinden. Ontdek hoe een goed gekozen wastafel de esthetiek en functionaliteit van je badkamer volledig kan veranderen. <\/p>\n\t\t\t\t\t\t\t\t<\/div>\n\t\t\t\t<\/div>\n\t\t\t\t\t<\/div>\n\t\t<\/div>\n\t\t\t\t<div class=\"elementor-column elementor-col-50 elementor-top-column elementor-element elementor-element-259c2f2\" data-id=\"259c2f2\" data-element_type=\"column\" data-e-type=\"column\">\n\t\t\t<div class=\"elementor-widget-wrap elementor-element-populated\">\n\t\t\t\t\t\t<div class=\"elementor-element elementor-element-f4e9503 elementor-widget elementor-widget-image\" data-id=\"f4e9503\" data-element_type=\"widget\" data-e-type=\"widget\" data-widget_type=\"image.default\">\n\t\t\t\t<div class=\"elementor-widget-container\">\n\t\t\t\t\t\t\t\t\t\t\t\t\t\t\t<img decoding=\"async\" src=\"https:\/\/savi.es\/wp-content\/uploads\/elementor\/thumbs\/bano-pequeno-estilo-rustico-q9xlapc9br3s204rwnm6qb7gskbovcl4u8gob5nf5c.jpg\" title=\"ba\u00f1o-peque\u00f1o-estilo-r\u00fastico\" alt=\"ba\u00f1o peque\u00f1o estilo r\u00fastico\" loading=\"lazy\" \/>\t\t\t\t\t\t\t\t\t\t\t\t\t\t\t<\/div>\n\t\t\t\t<\/div>\n\t\t\t\t\t<\/div>\n\t\t<\/div>\n\t\t\t\t\t<\/div>\n\t\t<\/section>\n\t\t\t\t<section class=\"elementor-section elementor-top-section elementor-element elementor-element-516c68c elementor-section-boxed elementor-section-height-default elementor-section-height-default\" data-id=\"516c68c\" data-element_type=\"section\" data-e-type=\"section\">\n\t\t\t\t\t\t<div class=\"elementor-container elementor-column-gap-default\">\n\t\t\t\t\t<div class=\"elementor-column elementor-col-100 elementor-top-column elementor-element elementor-element-29b3617\" data-id=\"29b3617\" data-element_type=\"column\" data-e-type=\"column\">\n\t\t\t<div class=\"elementor-widget-wrap elementor-element-populated\">\n\t\t\t\t\t\t<div class=\"elementor-element elementor-element-b900cd8 elementor-widget__width-initial animated-fast elementor-invisible elementor-widget elementor-widget-heading\" data-id=\"b900cd8\" data-element_type=\"widget\" data-e-type=\"widget\" data-settings=\"{&quot;_animation&quot;:&quot;fadeInUp&quot;}\" data-widget_type=\"heading.default\">\n\t\t\t\t<div class=\"elementor-widget-container\">\n\t\t\t\t\t<h2 class=\"elementor-heading-title elementor-size-default\">Onze winkels<\/h2>\t\t\t\t<\/div>\n\t\t\t\t<\/div>\n\t\t\t\t<div class=\"elementor-element elementor-element-0f45cb3 elementor-widget-divider--view-line elementor-widget elementor-widget-divider\" data-id=\"0f45cb3\" data-element_type=\"widget\" data-e-type=\"widget\" data-widget_type=\"divider.default\">\n\t\t\t\t<div class=\"elementor-widget-container\">\n\t\t\t\t\t\t\t<div class=\"elementor-divider\">\n\t\t\t<span class=\"elementor-divider-separator\">\n\t\t\t\t\t\t<\/span>\n\t\t<\/div>\n\t\t\t\t\t\t<\/div>\n\t\t\t\t<\/div>\n\t\t\t\t<div class=\"elementor-element elementor-element-9fd1945 elementor-position-left elementor-vertical-align-top elementor-widget elementor-widget-image-box\" data-id=\"9fd1945\" data-element_type=\"widget\" data-e-type=\"widget\" data-widget_type=\"image-box.default\">\n\t\t\t\t<div class=\"elementor-widget-container\">\n\t\t\t\t\t<div class=\"elementor-image-box-wrapper\"><figure class=\"elementor-image-box-img\"><a href=\"https:\/\/savi.es\/nl\/diensten\/keukens\/keukenwinkel-in-benissa\/\" tabindex=\"-1\"><img decoding=\"async\" width=\"2048\" height=\"1365\" src=\"https:\/\/savi.es\/wp-content\/uploads\/2024\/08\/Savi-Benissa-2048x1365.jpg.webp\" class=\"attachment-full size-full wp-image-5759\" alt=\"Fachada moderna y oscura de la tienda SAVI al atardecer, con r\u00f3tulo luminoso en la carretera de Benissa y Calpe\" srcset=\"https:\/\/savi.es\/wp-content\/uploads\/2024\/08\/Savi-Benissa-2048x1365.jpg.webp 2048w, https:\/\/savi.es\/wp-content\/uploads\/2024\/08\/Savi-Benissa-2048x1365.jpg-300x200.webp 300w, https:\/\/savi.es\/wp-content\/uploads\/2024\/08\/Savi-Benissa-2048x1365.jpg-1024x683.webp 1024w, https:\/\/savi.es\/wp-content\/uploads\/2024\/08\/Savi-Benissa-2048x1365.jpg-768x512.webp 768w, https:\/\/savi.es\/wp-content\/uploads\/2024\/08\/Savi-Benissa-2048x1365.jpg-1536x1024.webp 1536w\" sizes=\"(max-width: 2048px) 100vw, 2048px\" \/><\/a><\/figure><div class=\"elementor-image-box-content\"><h3 class=\"elementor-image-box-title\"><a href=\"https:\/\/savi.es\/nl\/diensten\/keukens\/keukenwinkel-in-benissa\/\">Benissa<\/a><\/h3><p class=\"elementor-image-box-description\">Winkel gevestigd in Pol. Ind. la Pedrera, Calle Juan de la Cierva, 2, 03720 Benissa, Alicante.\nWinkel voor keukens, badkamers, interieurontwerp, hervormingen en timmerwerk in het algemeen.<\/p><\/div><\/div>\t\t\t\t<\/div>\n\t\t\t\t<\/div>\n\t\t\t\t<div class=\"elementor-element elementor-element-4a7c83b elementor-position-left elementor-vertical-align-top elementor-widget elementor-widget-image-box\" data-id=\"4a7c83b\" data-element_type=\"widget\" data-e-type=\"widget\" data-widget_type=\"image-box.default\">\n\t\t\t\t<div class=\"elementor-widget-container\">\n\t\t\t\t\t<div class=\"elementor-image-box-wrapper\"><figure class=\"elementor-image-box-img\"><a href=\"https:\/\/savi.es\/nl\/diensten\/keukens\/keukenwinkel-in-calpe\/\" tabindex=\"-1\"><img loading=\"lazy\" decoding=\"async\" width=\"680\" height=\"510\" src=\"https:\/\/savi.es\/wp-content\/uploads\/2023\/01\/2022-07-08.jpg\" class=\"attachment-full size-full wp-image-2301\" alt=\"Fachada de la tienda SAVI en calle peatonal, con escaparate moderno negro y men\u00fa de servicios.\" srcset=\"https:\/\/savi.es\/wp-content\/uploads\/2023\/01\/2022-07-08.jpg 680w, https:\/\/savi.es\/wp-content\/uploads\/2023\/01\/2022-07-08-300x225.jpg 300w\" sizes=\"(max-width: 680px) 100vw, 680px\" \/><\/a><\/figure><div class=\"elementor-image-box-content\"><h3 class=\"elementor-image-box-title\"><a href=\"https:\/\/savi.es\/nl\/diensten\/keukens\/keukenwinkel-in-calpe\/\">Calpe<\/a><\/h3><p class=\"elementor-image-box-description\">Winkel gelegen op C\/ Corbeta 7, Bajo 4, 03710 Calpe, Alicante. Keukens, badkamers, interieurontwerp, verbouwingen en timmerwerk in het algemeen.<\/p><\/div><\/div>\t\t\t\t<\/div>\n\t\t\t\t<\/div>\n\t\t\t\t\t<\/div>\n\t\t<\/div>\n\t\t\t\t\t<\/div>\n\t\t<\/section>\n\t\t\t\t<section class=\"elementor-section elementor-top-section elementor-element elementor-element-b9c828d elementor-section-boxed elementor-section-height-default elementor-section-height-default\" data-id=\"b9c828d\" data-element_type=\"section\" data-e-type=\"section\">\n\t\t\t\t\t\t<div class=\"elementor-container elementor-column-gap-default\">\n\t\t\t\t\t<div class=\"elementor-column elementor-col-100 elementor-top-column elementor-element elementor-element-27b2e20\" data-id=\"27b2e20\" data-element_type=\"column\" data-e-type=\"column\">\n\t\t\t<div class=\"elementor-widget-wrap elementor-element-populated\">\n\t\t\t\t\t\t<div class=\"elementor-element elementor-element-9b363a0 elementor-widget elementor-widget-template\" data-id=\"9b363a0\" data-element_type=\"widget\" data-e-type=\"widget\" data-widget_type=\"template.default\">\n\t\t\t\t<div class=\"elementor-widget-container\">\n\t\t\t\t\t\t\t<div class=\"elementor-template\">\n\t\t\t\t\t<div data-elementor-type=\"section\" data-elementor-id=\"4131\" class=\"elementor elementor-4131 elementor-665 elementor-665\" data-elementor-post-type=\"elementor_library\">\n\t\t\t\t\t<section class=\"elementor-section elementor-top-section elementor-element elementor-element-4bf83c5b elementor-section-height-min-height elementor-section-items-stretch elementor-section-content-bottom cta__container elementor-section-boxed elementor-section-height-default\" data-id=\"4bf83c5b\" data-element_type=\"section\" data-e-type=\"section\" data-settings=\"{&quot;background_background&quot;:&quot;classic&quot;}\">\n\t\t\t\t\t\t\t<div class=\"elementor-background-overlay\"><\/div>\n\t\t\t\t\t\t\t<div class=\"elementor-container elementor-column-gap-default\">\n\t\t\t\t\t<div class=\"elementor-column elementor-col-100 elementor-top-column elementor-element elementor-element-6a5347b7\" data-id=\"6a5347b7\" data-element_type=\"column\" data-e-type=\"column\">\n\t\t\t<div class=\"elementor-widget-wrap elementor-element-populated\">\n\t\t\t\t\t\t<div class=\"elementor-element elementor-element-3a548fe3 elementor-widget__width-initial animated-fast elementor-invisible elementor-widget elementor-widget-heading\" data-id=\"3a548fe3\" data-element_type=\"widget\" data-e-type=\"widget\" data-settings=\"{&quot;_animation&quot;:&quot;fadeInUp&quot;}\" data-widget_type=\"heading.default\">\n\t\t\t\t<div class=\"elementor-widget-container\">\n\t\t\t\t\t<p class=\"elementor-heading-title elementor-size-default\">Neem contact met ons op voor meer informatie<\/p>\t\t\t\t<\/div>\n\t\t\t\t<\/div>\n\t\t\t\t<div class=\"elementor-element elementor-element-7ea550c2 btn--underline animated-fast elementor-invisible elementor-widget elementor-widget-button\" data-id=\"7ea550c2\" data-element_type=\"widget\" data-e-type=\"widget\" data-settings=\"{&quot;_animation&quot;:&quot;fadeInUp&quot;}\" data-widget_type=\"button.default\">\n\t\t\t\t<div class=\"elementor-widget-container\">\n\t\t\t\t\t\t\t\t\t<div class=\"elementor-button-wrapper\">\n\t\t\t\t\t<a class=\"elementor-button elementor-button-link elementor-size-sm\" href=\"#elementor-action%3Aaction%3Dpopup%3Aopen%26settings%3DeyJpZCI6NDE1NywidG9nZ2xlIjpmYWxzZX0%3D\">\n\t\t\t\t\t\t<span class=\"elementor-button-content-wrapper\">\n\t\t\t\t\t\t\t\t\t<span class=\"elementor-button-text\">Neem contact op met<\/span>\n\t\t\t\t\t<\/span>\n\t\t\t\t\t<\/a>\n\t\t\t\t<\/div>\n\t\t\t\t\t\t\t\t<\/div>\n\t\t\t\t<\/div>\n\t\t\t\t\t<\/div>\n\t\t<\/div>\n\t\t\t\t\t<\/div>\n\t\t<\/section>\n\t\t\t\t<\/div>\n\t\t\t\t<\/div>\n\t\t\t\t\t\t<\/div>\n\t\t\t\t<\/div>\n\t\t\t\t\t<\/div>\n\t\t<\/div>\n\t\t\t\t\t<\/div>\n\t\t<\/section>\n\t\t\t\t<section class=\"elementor-section elementor-top-section elementor-element elementor-element-1307829 elementor-section-boxed elementor-section-height-default elementor-section-height-default\" data-id=\"1307829\" data-element_type=\"section\" data-e-type=\"section\">\n\t\t\t\t\t\t<div class=\"elementor-container elementor-column-gap-default\">\n\t\t\t\t\t<div class=\"elementor-column elementor-col-100 elementor-top-column elementor-element elementor-element-5adfa51\" data-id=\"5adfa51\" data-element_type=\"column\" data-e-type=\"column\">\n\t\t\t<div class=\"elementor-widget-wrap elementor-element-populated\">\n\t\t\t\t\t\t<div class=\"elementor-element elementor-element-14f5f2b animated-fast elementor-invisible elementor-widget elementor-widget-toggle\" data-id=\"14f5f2b\" data-element_type=\"widget\" data-e-type=\"widget\" data-settings=\"{&quot;_animation&quot;:&quot;fadeInUp&quot;}\" data-widget_type=\"toggle.default\">\n\t\t\t\t<div class=\"elementor-widget-container\">\n\t\t\t\t\t\t\t<div class=\"elementor-toggle\">\n\t\t\t\t\t\t\t<div class=\"elementor-toggle-item\">\n\t\t\t\t\t<h3 id=\"elementor-tab-title-2191\" class=\"elementor-tab-title\" data-tab=\"1\" role=\"button\" aria-controls=\"elementor-tab-content-2191\" aria-expanded=\"false\">\n\t\t\t\t\t\t\t\t\t\t\t\t<span class=\"elementor-toggle-icon elementor-toggle-icon-right\" aria-hidden=\"true\">\n\t\t\t\t\t\t\t\t\t\t\t\t\t\t\t<span class=\"elementor-toggle-icon-closed\"><svg xmlns=\"http:\/\/www.w3.org\/2000\/svg\" width=\"18.77\" height=\"19.375\" viewBox=\"0 0 18.77 19.375\"><path id=\"plus\" d=\"M12.754-15.449H20.8v2.7H12.754v8.32H10.039v-8.32H2.031v-2.7h8.008v-8.359h2.715Z\" transform=\"translate(-2.031 23.809)\" fill=\"#1d2626\"><\/path><\/svg><\/span>\n\t\t\t\t\t\t\t\t<span class=\"elementor-toggle-icon-opened\"><i class=\"elementor-toggle-icon-opened fas fa-minus\"><\/i><\/span>\n\t\t\t\t\t\t\t\t\t\t\t\t\t<\/span>\n\t\t\t\t\t\t\t\t\t\t\t\t<a class=\"elementor-toggle-title\" tabindex=\"0\">Welk type wastafel past het beste bij mijn badkamer?<\/a>\n\t\t\t\t\t<\/h3>\n\n\t\t\t\t\t<div id=\"elementor-tab-content-2191\" class=\"elementor-tab-content elementor-clearfix\" data-tab=\"1\" role=\"region\" aria-labelledby=\"elementor-tab-title-2191\"><p>De keuze van de wastafel hangt af van de beschikbare ruimte en de stijl die je verkiest. <strong data-start=\"202\" data-end=\"228\">Wastafels met aanrechtblad<\/strong> voegen een moderne, verfijnde touch toe, terwijl <strong data-start=\"286\" data-end=\"301\">inzetwastafels <\/strong>een meer ge\u00efntegreerde, eenvoudig te reinigen look bieden. <strong data-start=\"363\" data-end=\"378\">Wandwastafels <\/strong>zijn ideaal voor kleinere badkamers omdat ze een ruimtelijk gevoel cre\u00ebren, terwijl <strong data-start=\"454\" data-end=\"466\">wastafels <\/strong>op voet een klassieke en elegante optie zijn. Bij <strong data-start=\"505\" data-end=\"529\">Savi Benissa &amp; Calpe<\/strong> helpen we je bij het kiezen van de beste optie voor jouw ruimte en behoeften.   <\/p>\n<\/div>\n\t\t\t\t<\/div>\n\t\t\t\t\t\t\t<div class=\"elementor-toggle-item\">\n\t\t\t\t\t<h3 id=\"elementor-tab-title-2192\" class=\"elementor-tab-title\" data-tab=\"2\" role=\"button\" aria-controls=\"elementor-tab-content-2192\" aria-expanded=\"false\">\n\t\t\t\t\t\t\t\t\t\t\t\t<span class=\"elementor-toggle-icon elementor-toggle-icon-right\" aria-hidden=\"true\">\n\t\t\t\t\t\t\t\t\t\t\t\t\t\t\t<span class=\"elementor-toggle-icon-closed\"><svg xmlns=\"http:\/\/www.w3.org\/2000\/svg\" width=\"18.77\" height=\"19.375\" viewBox=\"0 0 18.77 19.375\"><path id=\"plus\" d=\"M12.754-15.449H20.8v2.7H12.754v8.32H10.039v-8.32H2.031v-2.7h8.008v-8.359h2.715Z\" transform=\"translate(-2.031 23.809)\" fill=\"#1d2626\"><\/path><\/svg><\/span>\n\t\t\t\t\t\t\t\t<span class=\"elementor-toggle-icon-opened\"><i class=\"elementor-toggle-icon-opened fas fa-minus\"><\/i><\/span>\n\t\t\t\t\t\t\t\t\t\t\t\t\t<\/span>\n\t\t\t\t\t\t\t\t\t\t\t\t<a class=\"elementor-toggle-title\" tabindex=\"0\">Welk materiaal is het beste voor een wastafel?<\/a>\n\t\t\t\t\t<\/h3>\n\n\t\t\t\t\t<div id=\"elementor-tab-content-2192\" class=\"elementor-tab-content elementor-clearfix\" data-tab=\"2\" role=\"region\" aria-labelledby=\"elementor-tab-title-2192\"><p>Er zijn verschillende hoogwaardige materialen voor wastafels, elk met zijn eigen voordelen. <strong data-start=\"741\" data-end=\"765\">Wastafels van porselein<\/strong> zijn duurzaam en gemakkelijk schoon te maken, <strong data-start=\"806\" data-end=\"819\">wastafels van hars bieden<\/strong> een grotere verscheidenheid aan vormen en kleuren, wastafels van <strong data-start=\"868\" data-end=\"889\">natuursteen onderscheiden<\/strong> zich door hun elegantie en stevigheid en <strong data-start=\"937\" data-end=\"952\">wastafels van keramiek<\/strong> combineren traditie met robuustheid. De keuze hangt af van de esthetiek die je zoekt en het onderhoud dat je verkiest.  <\/p>\n<\/div>\n\t\t\t\t<\/div>\n\t\t\t\t\t\t\t<div class=\"elementor-toggle-item\">\n\t\t\t\t\t<h3 id=\"elementor-tab-title-2193\" class=\"elementor-tab-title\" data-tab=\"3\" role=\"button\" aria-controls=\"elementor-tab-content-2193\" aria-expanded=\"false\">\n\t\t\t\t\t\t\t\t\t\t\t\t<span class=\"elementor-toggle-icon elementor-toggle-icon-right\" aria-hidden=\"true\">\n\t\t\t\t\t\t\t\t\t\t\t\t\t\t\t<span class=\"elementor-toggle-icon-closed\"><svg xmlns=\"http:\/\/www.w3.org\/2000\/svg\" width=\"18.77\" height=\"19.375\" viewBox=\"0 0 18.77 19.375\"><path id=\"plus\" d=\"M12.754-15.449H20.8v2.7H12.754v8.32H10.039v-8.32H2.031v-2.7h8.008v-8.359h2.715Z\" transform=\"translate(-2.031 23.809)\" fill=\"#1d2626\"><\/path><\/svg><\/span>\n\t\t\t\t\t\t\t\t<span class=\"elementor-toggle-icon-opened\"><i class=\"elementor-toggle-icon-opened fas fa-minus\"><\/i><\/span>\n\t\t\t\t\t\t\t\t\t\t\t\t\t<\/span>\n\t\t\t\t\t\t\t\t\t\t\t\t<a class=\"elementor-toggle-title\" tabindex=\"0\">Hoe kan ik mijn wastafel in goede conditie houden?<\/a>\n\t\t\t\t\t<\/h3>\n\n\t\t\t\t\t<div id=\"elementor-tab-content-2193\" class=\"elementor-tab-content elementor-clearfix\" data-tab=\"3\" role=\"region\" aria-labelledby=\"elementor-tab-title-2193\"><p>Om je wastafel in perfecte staat te houden, is het aan te raden om hem regelmatig schoon te maken met <strong data-start=\"1220\" data-end=\"1259\">een zachte doek en niet-schurende producten<\/strong> om krassen te voorkomen. Vermijd het gebruik van agressieve chemische producten en droog het oppervlak na elk gebruik om kalkvlekken te voorkomen. Als de wastafel van natuursteen is, is het bovendien aan te raden om een specifieke verzegeling aan te brengen om het te beschermen tegen water en vocht.  <\/p>\n<\/div>\n\t\t\t\t<\/div>\n\t\t\t\t\t\t\t\t\t\t<script type=\"application\/ld+json\">{\"@context\":\"https:\\\/\\\/schema.org\",\"@type\":\"FAQPage\",\"mainEntity\":[{\"@type\":\"Question\",\"name\":\"Welk type wastafel past het beste bij mijn badkamer?\",\"acceptedAnswer\":{\"@type\":\"Answer\",\"text\":\"<p>De keuze van de wastafel hangt af van de beschikbare ruimte en de stijl die je verkiest. <strong data-start=\\\"202\\\" data-end=\\\"228\\\">Wastafels met aanrechtblad<\\\/strong> voegen een moderne, verfijnde touch toe, terwijl <strong data-start=\\\"286\\\" data-end=\\\"301\\\">inzetwastafels <\\\/strong>een meer ge\\u00efntegreerde, eenvoudig te reinigen look bieden. <strong data-start=\\\"363\\\" data-end=\\\"378\\\">Wandwastafels <\\\/strong>zijn ideaal voor kleinere badkamers omdat ze een ruimtelijk gevoel cre\\u00ebren, terwijl <strong data-start=\\\"454\\\" data-end=\\\"466\\\">wastafels <\\\/strong>op voet een klassieke en elegante optie zijn. Bij <strong data-start=\\\"505\\\" data-end=\\\"529\\\">Savi Benissa &amp; Calpe<\\\/strong> helpen we je bij het kiezen van de beste optie voor jouw ruimte en behoeften.   <\\\/p>\\n\"}},{\"@type\":\"Question\",\"name\":\"Welk materiaal is het beste voor een wastafel?\",\"acceptedAnswer\":{\"@type\":\"Answer\",\"text\":\"<p>Er zijn verschillende hoogwaardige materialen voor wastafels, elk met zijn eigen voordelen. <strong data-start=\\\"741\\\" data-end=\\\"765\\\">Wastafels van porselein<\\\/strong> zijn duurzaam en gemakkelijk schoon te maken, <strong data-start=\\\"806\\\" data-end=\\\"819\\\">wastafels van hars bieden<\\\/strong> een grotere verscheidenheid aan vormen en kleuren, wastafels van <strong data-start=\\\"868\\\" data-end=\\\"889\\\">natuursteen onderscheiden<\\\/strong> zich door hun elegantie en stevigheid en <strong data-start=\\\"937\\\" data-end=\\\"952\\\">wastafels van keramiek<\\\/strong> combineren traditie met robuustheid. De keuze hangt af van de esthetiek die je zoekt en het onderhoud dat je verkiest.  <\\\/p>\\n\"}},{\"@type\":\"Question\",\"name\":\"Hoe kan ik mijn wastafel in goede conditie houden?\",\"acceptedAnswer\":{\"@type\":\"Answer\",\"text\":\"<p>Om je wastafel in perfecte staat te houden, is het aan te raden om hem regelmatig schoon te maken met <strong data-start=\\\"1220\\\" data-end=\\\"1259\\\">een zachte doek en niet-schurende producten<\\\/strong> om krassen te voorkomen. Vermijd het gebruik van agressieve chemische producten en droog het oppervlak na elk gebruik om kalkvlekken te voorkomen. Als de wastafel van natuursteen is, is het bovendien aan te raden om een specifieke verzegeling aan te brengen om het te beschermen tegen water en vocht.  <\\\/p>\\n\"}}]}<\/script>\n\t\t\t\t\t<\/div>\n\t\t\t\t\t\t<\/div>\n\t\t\t\t<\/div>\n\t\t\t\t\t<\/div>\n\t\t<\/div>\n\t\t\t\t\t<\/div>\n\t\t<\/section>\n\t\t\t\t<\/div>\n\t\t","protected":false},"excerpt":{"rendered":"<p>Home \/ Diensten \/ Spoelbakken \/ Badkamer wastafels Bij Savi Benissa &amp; Calpe weten we dat de wastafel een belangrijk onderdeel is van elke badkamer, zowel vanwege de functionaliteit als vanwege de stijl die het toevoegt aan de ruimte. Daarom bieden we een selectie moderne en elegante wastafels, ontworpen voor verschillende behoeften en decoratiestijlen. We [&hellip;]<\/p>\n","protected":false},"author":4,"featured_media":0,"parent":4234,"menu_order":0,"comment_status":"closed","ping_status":"closed","template":"","meta":{"_acf_changed":false,"footnotes":""},"class_list":["post-7286","page","type-page","status-publish","hentry"],"acf":[],"_links":{"self":[{"href":"https:\/\/savi.es\/nl\/wp-json\/wp\/v2\/pages\/7286","targetHints":{"allow":["GET"]}}],"collection":[{"href":"https:\/\/savi.es\/nl\/wp-json\/wp\/v2\/pages"}],"about":[{"href":"https:\/\/savi.es\/nl\/wp-json\/wp\/v2\/types\/page"}],"author":[{"embeddable":true,"href":"https:\/\/savi.es\/nl\/wp-json\/wp\/v2\/users\/4"}],"replies":[{"embeddable":true,"href":"https:\/\/savi.es\/nl\/wp-json\/wp\/v2\/comments?post=7286"}],"version-history":[{"count":1,"href":"https:\/\/savi.es\/nl\/wp-json\/wp\/v2\/pages\/7286\/revisions"}],"predecessor-version":[{"id":7287,"href":"https:\/\/savi.es\/nl\/wp-json\/wp\/v2\/pages\/7286\/revisions\/7287"}],"up":[{"embeddable":true,"href":"https:\/\/savi.es\/nl\/wp-json\/wp\/v2\/pages\/4234"}],"wp:attachment":[{"href":"https:\/\/savi.es\/nl\/wp-json\/wp\/v2\/media?parent=7286"}],"curies":[{"name":"wp","href":"https:\/\/api.w.org\/{rel}","templated":true}]}}